{"id":184,"date":"2017-02-01T15:36:35","date_gmt":"2017-02-01T14:36:35","guid":{"rendered":"http:\/\/quintadoalamo.org\/?page_id=184"},"modified":"2017-02-05T15:06:15","modified_gmt":"2017-02-05T14:06:15","slug":"casa-de-retiros-informacoes","status":"publish","type":"page","link":"http:\/\/quintadoalamo.org\/?page_id=184","title":{"rendered":"Casa de Retiros &#8211; Informa\u00e7\u00f5es"},"content":{"rendered":"<ol>\n<li><img decoding=\"async\" loading=\"lazy\" class=\"wp-image-93 alignleft\" src=\"http:\/\/quintadoalamo.org\/wp-content\/uploads\/2015\/08\/image.jpg\" alt=\"\" width=\"306\" height=\"204\" srcset=\"http:\/\/quintadoalamo.org\/wp-content\/uploads\/2015\/08\/image.jpg 4608w, http:\/\/quintadoalamo.org\/wp-content\/uploads\/2015\/08\/image-300x200.jpg 300w, http:\/\/quintadoalamo.org\/wp-content\/uploads\/2015\/08\/image-1024x683.jpg 1024w\" sizes=\"(max-width: 306px) 100vw, 306px\" \/><\/li>\n<\/ol>\n<p>&nbsp;<\/p>\n<p>A Casa de Retiros do \u00c1lamo \u00e9 um espa\u00e7o vocacionado para acolhimento de grupos em contexto evang\u00e9lico\/pastoral.<\/p>\n<p>Implantada na antiga casa senhorial da Quinta, disp\u00f5e de:<\/p>\n<ul>\n<li><strong>Sal\u00e3o com ampla capacidade (80 lugares &#8220;\u00e0 mesa&#8221;)<\/strong><\/li>\n<li><strong>Sala de trabalho, com mesa de reuni\u00f5es para 10 pessoas, e mais 10 \u00e0 volta da lareira<\/strong><\/li>\n<li><strong>Pequena capela com paramentos e objetos lit\u00fargicos<\/strong><\/li>\n<li><strong>Camaratas para 30 dormidas<\/strong><\/li>\n<li><strong>Cozinha com fog\u00e3o semi-industrial, equipamento de frio, utens\u00edlios, lou\u00e7as e talheres<\/strong><\/li>\n<li><strong>Refeit\u00f3rio com capacidade para 30 pessoas em simult\u00e2neo<\/strong><\/li>\n<li><strong>WCs com duches de \u00e1gua quente e com acesso a pessoas com mobilidade reduzida<\/strong><\/li>\n<li><strong>Aquecimento central<\/strong><img decoding=\"async\" loading=\"lazy\" class=\" wp-image-222 alignright\" src=\"http:\/\/quintadoalamo.org\/wp-content\/uploads\/2017\/02\/foto-aerea.jpg\" alt=\"\" width=\"201\" height=\"400\" srcset=\"http:\/\/quintadoalamo.org\/wp-content\/uploads\/2017\/02\/foto-aerea.jpg 387w, http:\/\/quintadoalamo.org\/wp-content\/uploads\/2017\/02\/foto-aerea-151x300.jpg 151w\" sizes=\"(max-width: 201px) 100vw, 201px\" \/><\/li>\n<\/ul>\n<p>&nbsp;<\/p>\n<p>A zona envolvente \u00e0 Casa de Retiros \u00e9 ajardinada, com caminhos limitados por buchos talhados e um amplo relvado.<\/p>\n<p>Est\u00e1 prevista a reabilita\u00e7\u00e3o do jardim que envolve a Casa\u00a0com um jardim de plantas b\u00edblicas. Pretende-se que seja um lugar de sil\u00eancio, conforto e comunh\u00e3o, que exteriorize o que esta casa pretende proporcionar.<\/p>\n<p>&nbsp;<\/p>\n","protected":false},"excerpt":{"rendered":"<p>&nbsp; A Casa de Retiros do \u00c1lamo \u00e9 um espa\u00e7o vocacionado para acolhimento de grupos em contexto evang\u00e9lico\/pastoral. Implantada na antiga casa senhorial da Quinta, disp\u00f5e de: Sal\u00e3o com ampla capacidade (80 lugares &#8220;\u00e0 mesa&#8221;) Sala de trabalho, com mesa de reuni\u00f5es para 10 pessoas, e mais 10 \u00e0 volta da lareira Pequena capela com &hellip; <a href=\"http:\/\/quintadoalamo.org\/?page_id=184\" class=\"more-link\">Continuar a ler<span class=\"screen-reader-text\">Casa de Retiros &#8211; Informa\u00e7\u00f5es<\/span> <span class=\"meta-nav\">&rarr;<\/span><\/a><\/p>\n","protected":false},"author":3,"featured_media":0,"parent":29,"menu_order":0,"comment_status":"closed","ping_status":"closed","template":"","meta":[],"_links":{"self":[{"href":"http:\/\/quintadoalamo.org\/index.php?rest_route=\/wp\/v2\/pages\/184"}],"collection":[{"href":"http:\/\/quintadoalamo.org\/index.php?rest_route=\/wp\/v2\/pages"}],"about":[{"href":"http:\/\/quintadoalamo.org\/index.php?rest_route=\/wp\/v2\/types\/page"}],"author":[{"embeddable":true,"href":"http:\/\/quintadoalamo.org\/index.php?rest_route=\/wp\/v2\/users\/3"}],"replies":[{"embeddable":true,"href":"http:\/\/quintadoalamo.org\/index.php?rest_route=%2Fwp%2Fv2%2Fcomments&post=184"}],"version-history":[{"count":8,"href":"http:\/\/quintadoalamo.org\/index.php?rest_route=\/wp\/v2\/pages\/184\/revisions"}],"predecessor-version":[{"id":245,"href":"http:\/\/quintadoalamo.org\/index.php?rest_route=\/wp\/v2\/pages\/184\/revisions\/245"}],"up":[{"embeddable":true,"href":"http:\/\/quintadoalamo.org\/index.php?rest_route=\/wp\/v2\/pages\/29"}],"wp:attachment":[{"href":"http:\/\/quintadoalamo.org\/index.php?rest_route=%2Fwp%2Fv2%2Fmedia&parent=184"}],"curies":[{"name":"wp","href":"https:\/\/api.w.org\/{rel}","templated":true}]}}